{"id":5816,"date":"2024-03-04T10:27:23","date_gmt":"2024-03-04T09:27:23","guid":{"rendered":"https:\/\/www.corteco.com\/prasa\/"},"modified":"2024-07-25T12:37:58","modified_gmt":"2024-07-25T10:37:58","slug":"prasa","status":"publish","type":"page","link":"https:\/\/www.corteco.com\/pl\/firma\/prasa\/","title":{"rendered":"Prasa"},"content":{"rendered":"<section class=\"block-slider\">\n    <style>.block-slider{padding-top:6rem;position:relative;margin:0 0 2rem}@media (min-width: 1024px){.block-slider{margin:0 0 2rem}}@media (min-width: 1200px){.block-slider{padding-top:11rem}}@media (min-width: 1380px){.block-slider{margin:0}}.block-slider::before,.block-slider::after{content:'';position:absolute;right:0;bottom:2px;left:0;width:100%;height:100%;pointer-events:none}.block-slider::before{background:#fff;background:linear-gradient(180deg, #fff 0%, #cecece 50%, #000 100%);mix-blend-mode:multiply;opacity:0.5;z-index:1}.block-slider::after{bottom:-1px;background-size:contain;background-repeat:no-repeat;background-position:bottom center;background-image:url(\"https:\/\/www.corteco.com\/wp-content\/themes\/ATLAS\/images\/svg\/corteco_welle_white.svg\");z-index:2}@media (min-width: 1200px){.block-slider__wrapper--half-width .slick-dots{text-align:left}}@media (min-width: 1380px){.block-slider .slick-dots{bottom:15px}}@media (min-width: 1380px){.block-slider .slick-dots button{background-color:#fff}}.single-slide{position:relative}.single-slide:not(:first-child){display:none}.slick-initialized .single-slide{display:block}.single-slide::before{display:block;content:\"\";width:100%;height:50%;min-height:50vh}@media (min-width: 1024px){.single-slide::before{height:75%;min-height:75vh}}.small .single-slide::before{height:35%;min-height:35vh}@media (min-width: 1024px){.small .single-slide::before{height:40%;min-height:40vh}}.single-slide__wrapper{position:absolute;top:0;right:0;bottom:0;left:0}.single-slide__bg{position:absolute;top:0;right:0;bottom:0;left:0}.single-slide__bg--desktop{display:none}@media (min-width: 1024px){.single-slide__bg--desktop{display:block;height:100%}}.single-slide__bg--mobile{display:block;height:100%}@media (min-width: 1024px){.single-slide__bg--mobile{display:none}}.single-slide__bg img{width:100%;height:100%;object-fit:cover}.single-slide__bg.video{min-height:100%}.single-slide__bg-vid{min-height:100%;position:relative}.single-slide__bg-video{display:inline-block;position:absolute;top:0;left:0;right:0;bottom:0;margin:0;padding:0;width:100%;height:100%;max-width:none;max-height:none;-o-object-fit:cover;object-fit:cover;outline:none;border:none;box-shadow:none;z-index:0}.single-slide__bg-vid .mejs-controls{display:none}.single-slide__content{color:#fff}.single-slide--content-bg .single-slide__content{background:#fff}.single-slide__content .h1{margin:0 0 .6rem;font-weight:700;color:#E30613;letter-spacing:0;font-size:4.6rem;line-height:1.13043478}@media (min-width: 1380px){.single-slide__content .h1{font-size:8rem;line-height:1.175}}.single-slide__content-wrapper{position:absolute;top:0;right:0;bottom:0;left:0;display:flex;align-items:flex-start}@media (min-width: 1024px){.single-slide__content-wrapper{align-items:center}}.single-slide__content-container{height:100%}@media (min-width: 1380px){.single-slide__content-container{padding-bottom:10rem}}.single-slide__content-row{position:relative;display:flex;align-items:flex-start;justify-content:space-between;flex-flow:column nowrap;height:100%;width:100%;max-width:100%}@media (min-width: 1024px){.single-slide__content-row{max-width:50%;justify-content:center}}@media (min-width: 1380px){.single-slide__content-row{padding:2rem 0}}.single-slide__slogan{display:none;position:absolute;left:0;bottom:0rem;color:#ff0;font-weight:700}@media (min-width: 1024px){.single-slide__slogan{display:block}}.single-slide__buttons{display:flex;flex-wrap:wrap;align-items:center;justify-content:flex-start;margin:2rem 0 0}.single-slide__buttons .wp-block-button{margin:0 2rem 1rem 0}.single-slide--half-width{background-color:#BDBDBD}.single-slide--half-width .single-slide__bg{width:100%;right:0;left:auto}@media (min-width: 1380px){.single-slide--half-width .single-slide__bg{width:50%}}.single-slide--image-left .single-slide__bg{right:auto;left:0}\n<\/style>    <style>.slick-arrow{width:3rem;height:3rem;position:absolute;z-index:1;top:50%;margin-top:-15px;font-size:0;line-height:0;border:none;background-color:transparent;cursor:pointer;transition:background-color .2s}@media (min-width: 992px){.slick-arrow{width:5rem;height:5rem}}@media (min-width: 1200px){.slick-arrow{top:50%}}.slick-arrow:hover{background-color:#414141}html.touch-device .slick-arrow:hover{background-color:#414141}.slick-arrow:after{content:'';display:block;width:10px;height:20px;position:absolute;top:50%;left:51%;transform:translate(-50%, -50%);background-image:url(\"https:\/\/www.corteco.com\/wp-content\/themes\/ATLAS\/images\/svg\/slider_arrow-right_white.svg\");background-repeat:no-repeat;background-size:10px 20px}@media (min-width: 992px){.slick-arrow:after{width:14px;height:30px;background-position:contain;background-size:14px 30px}}.slick-arrow.slick-prev{right:auto;left:10px;transform:rotate(180deg)}@media (min-width: 992px){.slick-arrow.slick-prev{left:20px}}@media (min-width: 1380px){.slick-arrow.slick-prev{left:30px}}.slick-arrow.slick-next{right:10px;left:auto}@media (min-width: 992px){.slick-arrow.slick-next{right:20px}}@media (min-width: 1380px){.slick-arrow.slick-next{right:30px}}.slick-slide:focus{outline:none}.slick-dots{width:100%;max-width:1105px;padding:0 4rem;position:absolute;bottom:21px;left:50%;transform:translate(-50%, 0);margin:0 auto;text-align:center;list-style:none}@media (min-width: 992px){.slick-dots{bottom:27px}}.slick-dots li{display:inline-block;margin:0 7px}.slick-dots li.slick-active button{background-color:#E30613}.slick-dots button{width:15px;height:15px;font-size:0;line-height:0;border:0;border-radius:50%;background:transparent;background:#414141;box-shadow:none;transition:background-color .2s linear}.slick-autoplay-toggle-button{display:none}\n<\/style>    <style>\/* Slider *\/\n.slick-slider {\n  position: relative;\n  display: block;\n  box-sizing: border-box;\n  -webkit-touch-callout: none;\n  -webkit-user-select: none;\n  -khtml-user-select: none;\n  -moz-user-select: none;\n  -ms-user-select: none;\n  user-select: none;\n  -ms-touch-action: pan-y;\n  touch-action: pan-y;\n  -webkit-tap-highlight-color: transparent;\n}\n\n.slick-list {\n  position: relative;\n  overflow: hidden;\n  display: block;\n  margin: 0;\n  padding: 0;\n}\n\n.slick-list:focus {\n  outline: none;\n}\n\n.slick-list.dragging {\n  cursor: pointer;\n  cursor: hand;\n}\n\n.slick-slider .slick-track,\n.slick-slider .slick-list {\n  -webkit-transform: translate3d(0, 0, 0);\n  -moz-transform: translate3d(0, 0, 0);\n  -ms-transform: translate3d(0, 0, 0);\n  -o-transform: translate3d(0, 0, 0);\n  transform: translate3d(0, 0, 0);\n}\n\n.slick-track {\n  position: relative;\n  left: 0;\n  top: 0;\n  display: block;\n  margin-left: auto;\n  margin-right: auto;\n}\n\n.slick-track:before, .slick-track:after {\n  content: \"\";\n  display: table;\n}\n\n.slick-track:after {\n  clear: both;\n}\n\n.slick-loading .slick-track {\n  visibility: hidden;\n}\n\n.slick-slide {\n  float: left;\n  height: 100%;\n  min-height: 1px;\n  display: none;\n}\n\n[dir=\"rtl\"] .slick-slide {\n  float: right;\n}\n\n.slick-slide img {\n  display: block;\n}\n\n.slick-slide.slick-loading img {\n  display: none;\n}\n\n.slick-slide.dragging img {\n  pointer-events: none;\n}\n\n.slick-initialized .slick-slide {\n  display: block;\n}\n\n.slick-loading .slick-slide {\n  visibility: hidden;\n}\n\n.slick-vertical .slick-slide {\n  display: block;\n  height: auto;\n  border: 1px solid transparent;\n}\n\n.slick-arrow.slick-hidden {\n  display: none;\n}\n<\/style>    <div class=\"block-slider__container\">\n        <div class=\"block-slider__wrapper block-slider__wrapper--full-width small\" data-slider=\"block_da74655f28c74c3180b826d55b84c143\">\n                            <div class=\"single-slide single-slide--full-width\">\n                        <div class=\"single-slide__wrapper\">\n                \n                                        <div class=\"single-slide__bg\">\n                                                    <div class=\"single-slide__bg--desktop\"><img decoding=\"async\" width=\"1920\" height=\"525\" src=\"https:\/\/www.corteco.com\/wp-content\/uploads\/2024\/03\/press-header.jpg\" class=\"attachment-full size-full\" alt=\"\" data-object-fit=\"\" srcset=\"https:\/\/www.corteco.com\/wp-content\/uploads\/2024\/03\/press-header.jpg 1920w, https:\/\/www.corteco.com\/wp-content\/uploads\/2024\/03\/press-header-300x82.jpg 300w, https:\/\/www.corteco.com\/wp-content\/uploads\/2024\/03\/press-header-1024x280.jpg 1024w, https:\/\/www.corteco.com\/wp-content\/uploads\/2024\/03\/press-header-768x210.jpg 768w, https:\/\/www.corteco.com\/wp-content\/uploads\/2024\/03\/press-header-1536x420.jpg 1536w\" sizes=\"(max-width: 1920px) 100vw, 1920px\" \/><\/div>\n                            <div class=\"single-slide__bg--mobile\"><img decoding=\"async\" width=\"1920\" height=\"1774\" src=\"https:\/\/www.corteco.com\/wp-content\/uploads\/2024\/03\/press-header_mobile.jpg\" class=\"attachment-full size-full\" alt=\"\" data-object-fit=\"\" srcset=\"https:\/\/www.corteco.com\/wp-content\/uploads\/2024\/03\/press-header_mobile.jpg 1920w, https:\/\/www.corteco.com\/wp-content\/uploads\/2024\/03\/press-header_mobile-300x277.jpg 300w, https:\/\/www.corteco.com\/wp-content\/uploads\/2024\/03\/press-header_mobile-1024x946.jpg 1024w, https:\/\/www.corteco.com\/wp-content\/uploads\/2024\/03\/press-header_mobile-768x710.jpg 768w, https:\/\/www.corteco.com\/wp-content\/uploads\/2024\/03\/press-header_mobile-1536x1419.jpg 1536w, https:\/\/www.corteco.com\/wp-content\/uploads\/2024\/03\/press-header_mobile-560x516.jpg 560w\" sizes=\"(max-width: 1920px) 100vw, 1920px\" \/><\/div>\n                                            <\/div>\n                                        \n                    <!-- Readd content wrapper if needed -->\n                <\/div>\n                    <\/div>\n        \n                <\/div>\n    <\/div>\n<\/section>\n\n<section class=\"wp-block-custom-container alignwide block-content  block-content--spacing-bottom block-content--margin-bottom\"><style>.block-content{position:relative}.block-content--spacing-top{padding-top:5rem}@media (min-width: 992px){.block-content--spacing-top{padding-top:9rem}}.block-content--spacing-bottom{padding-bottom:5rem}@media (min-width: 992px){.block-content--spacing-bottom{padding-bottom:9rem}}.block-content--margin-top{margin-top:5rem}@media (min-width: 992px){.block-content--margin-top{margin-top:9rem}}.block-content--margin-bottom{margin-bottom:5rem}@media (min-width: 992px){.block-content--margin-bottom{margin-bottom:9rem}}.block-content .container{position:relative;z-index:1}.block-content .container--full{padding:0}.block-content .container-overlay{position:absolute;z-index:0;top:0;right:0;bottom:0;left:0}\n<\/style><div class=\"container container--wide\"><div class=\"container__body\">\n<div class=\"wp-block-custom-spacing spacing-element spacing-mobile--small spacing-tablet--small spacing-small-desktop--medium spacing-desktop--medium\"><\/div>\n\n\n\n<h1 class=\"wp-block-heading\">Prasa<\/h1>\n\n\n<section class=\"block-archive\">\n    <style>.block-archive__wrapper{display:flex;flex-flow:row wrap;margin:0 -1rem}.block-archive .single-news{width:100%}@media (min-width: 550px){.block-archive .single-news{width:50%}}@media (min-width: 1024px){.block-archive .single-news{width:33.33%}}.block-archive .single-news__wrapper{min-height:100%;margin:0 1rem}.block-archive__pagination{display:flex;justify-content:center;width:100%;text-align:center}.block-archive__pagination .page-numbers{display:flex;align-items:center;justify-content:center;width:3.5rem;height:3.5rem;margin:0 .5rem;font-weight:700;color:#414141;border-radius:3.5rem}.block-archive__pagination .page-numbers.current{color:#fff;background-color:#414141}\n<\/style>    <div class=\"block-archive__container\">\n        <div class=\"block-archive__wrapper\">\n        <div class=\"single-news\">\n\t<style>.single-news{margin:0 0 2rem;outline:0}.single-news__wrapper{position:relative;display:block;background-color:#fff;padding-bottom:3rem;-webkit-box-shadow:0px 0px 15px 5px rgba(0,0,0,0.1);box-shadow:0px 0px 15px 5px rgba(0,0,0,0.1)}.single-news__wrapper:hover .single-news__desc,.single-news__wrapper:focus .single-news__desc{color:#414141}.single-news__wrapper:hover .single-news__title,.single-news__wrapper:focus .single-news__title{color:#E30613}.single-news__wrapper:hover .is-style-icon-only .wp-block-button__link::after,.single-news__wrapper:focus .is-style-icon-only .wp-block-button__link::after{right:-5px}.single-news__content{padding:2rem 2rem}.single-news__date{display:block;margin:0 0 .8rem;color:#E30613;font-size:1.4rem;line-height:1}.single-news__title{display:block;text-transform:uppercase;transition:color 0.2s;margin:0 0 .8rem}.single-news__img img{width:100%;aspect-ratio:4 \/ 3;object-fit:cover}.single-news__desc{display:block;margin:0 0 1.5rem;color:#414141;transition:none;font-size:1.6rem;line-height:1.375}.single-news .is-style-icon-only .wp-block-button__link{display:block;position:absolute;width:calc(100% - 2rem);height:3rem;right:2rem;bottom:2rem}\n<\/style>\t<a class=\"single-news__wrapper\" href=\"https:\/\/www.corteco.com\/pl\/zmiana-zarzadzania\/\" target=\"_self\">\n\t\t\t<figure class=\"single-news__img\"><img decoding=\"async\" width=\"760\" height=\"542\" src=\"https:\/\/www.corteco.com\/wp-content\/uploads\/2025\/04\/20250409_105811937_iOS-760x542.jpg\" class=\"attachment-news-image size-news-image wp-post-image\" alt=\"\" \/><\/figure>\n\t\t\t<div class=\"single-news__content\">\n\t\t\t<h3 class=\"single-news__title h5\" role=\"heading\">Zmiana zarz\u0105dzania<\/h3>\n\t\t\t<time class=\"single-news__date\" datetime=\"23. kwi 2025\">23. kwi 2025<\/time>\n\t\t\t\t\t<span class=\"single-news__desc\">Po szesnastu latach pracy w firmie, Thomas Mettke, dyrektor zarz\u0105dzaj\u0105cy i dyrektor handlowy Corteco GmbH, przechodzi na wcze\u015bniejsz\u0105 emerytur\u0119 1 kwietnia 2025 roku. Thomasa Mettke zast\u0105pi Alexander J\u00f6rn, kt\u00f3ry ma bogate do\u015bwiadczenie w bran\u017cy motoryzacyjnej, a ostatnio pracowa\u0142 jako szef sprzeda\u017cy w regionie EMEA w Continental.<\/span>\n\t\t\t\n\n\t\t<\/div>\n\t\t<style>.wp-block-button{margin:0 0 2.7rem}.wp-block-button:last-child,.wp-block-button:only-child{margin-bottom:0}.wp-block-button.align-center{text-align:center}.wp-block-button.align-right{text-align:right}.wp-block-columns+.wp-block-button{margin-top:6.3rem}.wp-block-button.is-style-icon-only{font-size:0}.wp-block-button__link{display:inline-block;padding:1.2rem 1.5rem;color:#fff;font-weight:700;text-align:center;text-decoration:none;text-transform:uppercase;border:1px solid #E30613;border-radius:.2rem;background-color:#E30613;cursor:pointer;font-size:1.2rem;line-height:1}@media (min-width: 992px){.wp-block-button__link{min-width:160px;padding:1.8rem 2rem;font-size:1.4rem;line-height:1}}.wp-block-button:not(.is-style-link-only):not(.is-style-outline):not(.is-style-fill-secondary):not(.is-style-icon-only) .wp-block-button__link{position:relative}.wp-block-button:not(.is-style-link-only):not(.is-style-outline):not(.is-style-fill-secondary):not(.is-style-icon-only) .wp-block-button__link:hover,.wp-block-button:not(.is-style-link-only):not(.is-style-outline):not(.is-style-fill-secondary):not(.is-style-icon-only) .wp-block-button__link:focus{color:#fff !important;border-color:#414141 !important;background-color:#414141 !important}.wp-block-button .wp-block-button__link{transition:.2s}.is-style-fill-secondary .wp-block-button__link{color:#fff;border-color:#414141;background-color:#414141}.is-style-fill-secondary .wp-block-button__link:hover,.is-style-fill-secondary .wp-block-button__link:focus{color:#fff !important;border-color:#E30613 !important;background-color:#E30613 !important}.footer-anhang .is-style-fill-secondary .wp-block-button__link{color:#414141;border-color:#fff;background-color:#fff}@media (min-width: 992px){.footer-anhang .is-style-fill-secondary .wp-block-button__link{padding:1.2rem 2rem}}.footer-anhang .is-style-fill-secondary .wp-block-button__link:hover,.footer-anhang .is-style-fill-secondary .wp-block-button__link:focus{color:#fff !important;border-color:#414141 !important;background-color:#414141 !important}.is-style-outline .wp-block-button__link{padding:1.2rem 1.5rem !important;color:#E30613 !important;border:1px solid #E30613 !important;background-color:transparent}@media (min-width: 992px){.is-style-outline .wp-block-button__link{padding:1.8rem 2rem !important}}.is-style-outline .wp-block-button__link:hover,.is-style-outline .wp-block-button__link:focus{color:#fff !important;border-color:#E30613 !important;background-color:#E30613 !important}.has-secondary-light-background-color .is-style-outline .wp-block-button__link,.has-secondary-background-color .is-style-outline .wp-block-button__link,.has-primary-background-color .is-style-outline .wp-block-button__link,.has-primary-dark-background-color .is-style-outline .wp-block-button__link,.has-primary-darker-background-color .is-style-outline .wp-block-button__link{color:#fff !important;border:1px solid #fff !important}.has-secondary-light-background-color .is-style-outline .wp-block-button__link:hover,.has-secondary-light-background-color .is-style-outline .wp-block-button__link:focus,.has-secondary-background-color .is-style-outline .wp-block-button__link:hover,.has-secondary-background-color .is-style-outline .wp-block-button__link:focus,.has-primary-background-color .is-style-outline .wp-block-button__link:hover,.has-primary-background-color .is-style-outline .wp-block-button__link:focus,.has-primary-dark-background-color .is-style-outline .wp-block-button__link:hover,.has-primary-dark-background-color .is-style-outline .wp-block-button__link:focus,.has-primary-darker-background-color .is-style-outline .wp-block-button__link:hover,.has-primary-darker-background-color .is-style-outline .wp-block-button__link:focus{color:#E30613 !important;border-color:#fff !important;background-color:#fff !important}.is-style-link-only .wp-block-button__link{min-width:0;padding:0;position:relative;font-weight:700;color:#E30613;text-decoration:underline solid #E30613 .2rem;letter-spacing:0;text-transform:none;border:none;background-color:transparent;transition:color .2s,text-decoration-color .2s;font-size:1.4rem;line-height:1}.is-style-link-only .wp-block-button__link:before{content:'';display:block;height:1px;position:absolute;right:0;bottom:0;left:0;background:currentColor}.is-style-link-only .wp-block-button__link:hover,.is-style-link-only .wp-block-button__link:focus{color:#414141;text-decoration-color:#414141}.is-style-icon-only .wp-block-button__link{min-width:0;width:2rem;height:3rem;padding:0;font-size:0;position:relative;border:none;color:transparent;background-color:transparent;position:relative}.is-style-icon-only .wp-block-button__link::after{content:'';display:inline-block;width:2rem;height:3rem;position:absolute;top:0;right:0;background-image:url(\"https:\/\/www.corteco.com\/wp-content\/themes\/ATLAS\/images\/arrow\/header_arrow_black.svg\");background-repeat:no-repeat;background-size:contain;transition:right 0.2s}.is-style-icon-only .wp-block-button__link:hover,.is-style-icon-only .wp-block-button__link:focus{color:transparent !important;background-color:transparent !important}.is-style-icon-only .wp-block-button__link:hover::after,.is-style-icon-only .wp-block-button__link:focus::after{right:-5px}\n<\/style>\t\t\t<!-- <div class=\"wp-block-buttons is-content-justification-right is-layout-flex\"> -->\n\t\t\t\t<div class=\"wp-block-button is-style-icon-only\"><div class=\"wp-block-button__link\">Button<\/div><\/div>\n\t\t\t<!-- <\/div> -->\n\t<\/a>\n<\/div>\n<div class=\"single-news\">\n\t\t<a class=\"single-news__wrapper\" href=\"https:\/\/www.corteco.com\/pl\/corteco-zwiekszy-swoje-mozliwosci-dzieki-nowemu-magazynowi-2-2\/\" target=\"_self\">\n\t\t\t<figure class=\"single-news__img\"><img decoding=\"async\" width=\"760\" height=\"542\" src=\"https:\/\/www.corteco.com\/wp-content\/uploads\/2024\/03\/Corteco-Home-760x542.jpg\" class=\"attachment-news-image size-news-image wp-post-image\" alt=\"\" \/><\/figure>\n\t\t\t<div class=\"single-news__content\">\n\t\t\t<h3 class=\"single-news__title h5\" role=\"heading\">Strategiczna ekspansja<\/h3>\n\t\t\t<time class=\"single-news__date\" datetime=\"21. lis 2024\">21. lis 2024<\/time>\n\t\t\t\t\t<span class=\"single-news__desc\">Freudenberg-NOK Sealing Technologies og\u0142osi\u0142a przej\u0119cie Seal Aftermarket Products (SAP), LLC., firmy z siedzib\u0105 na Florydzie, zajmuj\u0105cej si\u0119 sprzeda\u017c\u0105 zestaw\u00f3w i komponent\u00f3w samochodowych skrzy\u0144 bieg\u00f3w. SAP zostanie zintegrowany z dzia\u0142em Corteco firmy Freudenberg Sealing Technologies.<\/span>\n\t\t\t\n\n\t\t<\/div>\n\t\t\t\t\t<!-- <div class=\"wp-block-buttons is-content-justification-right is-layout-flex\"> -->\n\t\t\t\t<div class=\"wp-block-button is-style-icon-only\"><div class=\"wp-block-button__link\">Button<\/div><\/div>\n\t\t\t<!-- <\/div> -->\n\t<\/a>\n<\/div>\n<div class=\"single-news\">\n\t\t<a class=\"single-news__wrapper\" href=\"https:\/\/www.corteco.com\/pl\/corteco-zwiekszy-swoje-mozliwosci-dzieki-nowemu-magazynowi\/\" target=\"_self\">\n\t\t\t<figure class=\"single-news__img\"><img decoding=\"async\" width=\"760\" height=\"265\" src=\"https:\/\/www.corteco.com\/wp-content\/uploads\/2024\/05\/Kerner_1160x265-760x265.jpg\" class=\"attachment-news-image size-news-image wp-post-image\" alt=\"\" \/><\/figure>\n\t\t\t<div class=\"single-news__content\">\n\t\t\t<h3 class=\"single-news__title h5\" role=\"heading\">Corteco zwi\u0119kszy swoje mo\u017cliwo\u015bci dzi\u0119ki nowemu magazynowi<\/h3>\n\t\t\t<time class=\"single-news__date\" datetime=\"21. maj 2024\">21. maj 2024<\/time>\n\t\t\t\t\t<span class=\"single-news__desc\"> Wraz z rozwojem dzia\u0142alno\u015bci i transformacj\u0105 elektroniczn\u0105, zwi\u0119kszaj\u0105c\u0105 zapotrzebowanie na przestrze\u0144, Corteco rozpocznie w 2024 r. budow\u0119 nowego centrum dystrybucyjnego w Weinheim, aby zwi\u0119kszy\u0107 pojemno\u015b\u0107 magazynu. Powstanie ono w parku przemys\u0142owym Weinheim, w pobli\u017cu siedziby g\u0142\u00f3wnej Grupy Freudenberg. <\/span>\n\t\t\t\n\n\t\t<\/div>\n\t\t\t\t\t<!-- <div class=\"wp-block-buttons is-content-justification-right is-layout-flex\"> -->\n\t\t\t\t<div class=\"wp-block-button is-style-icon-only\"><div class=\"wp-block-button__link\">Button<\/div><\/div>\n\t\t\t<!-- <\/div> -->\n\t<\/a>\n<\/div>\n<div class=\"single-news\">\n\t\t<a class=\"single-news__wrapper\" href=\"https:\/\/www.corteco.com\/pl\/jakosc-oem-od-najwiekszego-dostawcy-kieruj-sie-jakoscia-w-przypadku-czesci-zamiennych-uszczelnienia-corteco\/\" target=\"_self\">\n\t\t\t<figure class=\"single-news__img\"><img decoding=\"async\" width=\"760\" height=\"542\" src=\"https:\/\/www.corteco.com\/wp-content\/uploads\/2024\/04\/driving_car_blurred_RGB-760x542.jpg\" class=\"attachment-news-image size-news-image wp-post-image\" alt=\"\" \/><\/figure>\n\t\t\t<div class=\"single-news__content\">\n\t\t\t<h3 class=\"single-news__title h5\" role=\"heading\">Jako\u015b\u0107 OEM od najwi\u0119kszego dostawcy: Kieruj si\u0119 jako\u015bci\u0105 w przypadku cz\u0119\u015bci zamiennych &#8211; uszczelnienia Corteco<\/h3>\n\t\t\t<time class=\"single-news__date\" datetime=\"02. kwi 2024\">02. kwi 2024<\/time>\n\t\t\t\t\t<span class=\"single-news__desc\">Corteco nie uznaje kompromis\u00f3w, je\u015bli chodzi o cz\u0119\u015bci zamienne. Ta marka koncernu Freudenberg Sealing Technologies jest bli\u017cej rozwoju serii ni\u017c wi\u0119kszo\u015b\u0107 innych dostawc\u00f3w.  <\/span>\n\t\t\t\n\n\t\t<\/div>\n\t\t\t\t\t<!-- <div class=\"wp-block-buttons is-content-justification-right is-layout-flex\"> -->\n\t\t\t\t<div class=\"wp-block-button is-style-icon-only\"><div class=\"wp-block-button__link\">Button<\/div><\/div>\n\t\t\t<!-- <\/div> -->\n\t<\/a>\n<\/div>\n<div class=\"single-news\">\n\t\t<a class=\"single-news__wrapper\" href=\"https:\/\/www.corteco.com\/pl\/niewidoczny-gracz-widoczny-wplyw-niezawodne-rozwiazania-rynku-wtornego-dla-segmentu-pojazdow-ciezarowych\/\" target=\"_self\">\n\t\t\t<figure class=\"single-news__img\"><img decoding=\"async\" width=\"760\" height=\"542\" src=\"https:\/\/www.corteco.com\/wp-content\/uploads\/2024\/03\/760x542_Corteco_truck_loop.jpg\" class=\"attachment-news-image size-news-image wp-post-image\" alt=\"\" srcset=\"https:\/\/www.corteco.com\/wp-content\/uploads\/2024\/03\/760x542_Corteco_truck_loop.jpg 760w, https:\/\/www.corteco.com\/wp-content\/uploads\/2024\/03\/760x542_Corteco_truck_loop-300x214.jpg 300w\" sizes=\"(max-width: 760px) 100vw, 760px\" \/><\/figure>\n\t\t\t<div class=\"single-news__content\">\n\t\t\t<h3 class=\"single-news__title h5\" role=\"heading\">Niewidoczny gracz, widoczny wp\u0142yw: Niezawodne rozwi\u0105zania rynku wt\u00f3rnego dla segmentu pojazd\u00f3w ci\u0119\u017carowych<\/h3>\n\t\t\t<time class=\"single-news__date\" datetime=\"28. mar 2024\">28. mar 2024<\/time>\n\t\t\t\t\t<span class=\"single-news__desc\">Niezale\u017cna jednostka Freudenberg Sealing Technologies zajmuj\u0105ca si\u0119 rynkiem wt\u00f3rnym koncentruje si\u0119 na uszczelnieniach bardziej szczeg\u00f3\u0142owo ni\u017c ktokolwiek inny.<\/span>\n\t\t\t\n\n\t\t<\/div>\n\t\t\t\t\t<!-- <div class=\"wp-block-buttons is-content-justification-right is-layout-flex\"> -->\n\t\t\t\t<div class=\"wp-block-button is-style-icon-only\"><div class=\"wp-block-button__link\">Button<\/div><\/div>\n\t\t\t<!-- <\/div> -->\n\t<\/a>\n<\/div>\n<div class=\"single-news\">\n\t\t<a class=\"single-news__wrapper\" href=\"https:\/\/www.corteco.com\/pl\/corteco-wzmacnia-ambicje-w-europie-poludniowo-wschodniej\/\" target=\"_self\">\n\t\t\t<figure class=\"single-news__img\"><img decoding=\"async\" width=\"760\" height=\"542\" src=\"https:\/\/www.corteco.com\/wp-content\/uploads\/2024\/04\/FST_Corteco-Tuerkiye-760x542.jpg\" class=\"attachment-news-image size-news-image wp-post-image\" alt=\"\" \/><\/figure>\n\t\t\t<div class=\"single-news__content\">\n\t\t\t<h3 class=\"single-news__title h5\" role=\"heading\">Corteco wzmacnia ambicje w Europie Po\u0142udniowo-Wschodniej<\/h3>\n\t\t\t<time class=\"single-news__date\" datetime=\"19. mar 2024\">19. mar 2024<\/time>\n\t\t\t\t\t<span class=\"single-news__desc\">Jednostka rynku wt\u00f3rnego Freudenberg Sealing Technologies otwiera magazyn w Turcji i biuro sprzeda\u017cy w Serbii. Corteco d\u0105\u017cy do dalszej ekspansji w Europie Po\u0142udniowo-Wschodniej. Dlatego te\u017c niezale\u017cna jednostka Freudenberg Sealing Technologies zajmuj\u0105ca si\u0119 rynkiem wt\u00f3rnym otworzy\u0142a nowy magazyn w Turcji.  <\/span>\n\t\t\t\n\n\t\t<\/div>\n\t\t\t\t\t<!-- <div class=\"wp-block-buttons is-content-justification-right is-layout-flex\"> -->\n\t\t\t\t<div class=\"wp-block-button is-style-icon-only\"><div class=\"wp-block-button__link\">Button<\/div><\/div>\n\t\t\t<!-- <\/div> -->\n\t<\/a>\n<\/div>\n\n        <div class=\"block-archive__pagination\">\n                <\/div>\n                <\/div>\n    <\/div>\n<\/section>\n<\/div><\/div><\/section>\n","protected":false},"excerpt":{"rendered":"","protected":false},"author":12,"featured_media":0,"parent":5856,"menu_order":0,"comment_status":"closed","ping_status":"closed","template":"","meta":{"_acf_changed":false,"footnotes":""},"class_list":["post-5816","page","type-page","status-publish","hentry"],"acf":[],"_links":{"self":[{"href":"https:\/\/www.corteco.com\/pl\/wp-json\/wp\/v2\/pages\/5816","targetHints":{"allow":["GET"]}}],"collection":[{"href":"https:\/\/www.corteco.com\/pl\/wp-json\/wp\/v2\/pages"}],"about":[{"href":"https:\/\/www.corteco.com\/pl\/wp-json\/wp\/v2\/types\/page"}],"author":[{"embeddable":true,"href":"https:\/\/www.corteco.com\/pl\/wp-json\/wp\/v2\/users\/12"}],"replies":[{"embeddable":true,"href":"https:\/\/www.corteco.com\/pl\/wp-json\/wp\/v2\/comments?post=5816"}],"version-history":[{"count":3,"href":"https:\/\/www.corteco.com\/pl\/wp-json\/wp\/v2\/pages\/5816\/revisions"}],"predecessor-version":[{"id":6369,"href":"https:\/\/www.corteco.com\/pl\/wp-json\/wp\/v2\/pages\/5816\/revisions\/6369"}],"up":[{"embeddable":true,"href":"https:\/\/www.corteco.com\/pl\/wp-json\/wp\/v2\/pages\/5856"}],"wp:attachment":[{"href":"https:\/\/www.corteco.com\/pl\/wp-json\/wp\/v2\/media?parent=5816"}],"curies":[{"name":"wp","href":"https:\/\/api.w.org\/{rel}","templated":true}]}}